{"id":321,"date":"2018-12-16T15:02:00","date_gmt":"2018-12-16T15:02:00","guid":{"rendered":"https:\/\/www.akademiaslovenciny.sk\/wp?page_id=321"},"modified":"2019-02-18T12:51:42","modified_gmt":"2019-02-18T12:51:42","slug":"informationsauskunft","status":"publish","type":"page","link":"https:\/\/www.akademiaslovenciny.sk\/de\/informationsauskunft","title":{"rendered":"informationsauskunft"},"content":{"rendered":"<h1 style=\"text-align: center;\">Informationsauskunft der Management and Language Training s.r.o. gem\u00e4\u00df Art 13 und Art 14 DSGVO<\/h1>\n<p>&nbsp;<\/p>\n<p>Verantwortlicher:<br \/>\nDeutschAkademie, Sprachschule f\u00fcr Deutschkurse in Bratislava<br \/>\nManagement and Language Training s.r.o.<br \/>\nPansk\u00c3\u00a1 17, 811 01 Bratislava<br \/>\nSlowakei<br \/>\nTel: +421 \u00e2\u20ac\u201c 238 101 416<br \/>\nE: &#x69;&#x6e;&#102;o&#x40;&#x64;&#x65;&#117;t&#x73;&#x63;&#x68;&#97;k&#x61;&#x64;&#x65;&#109;i&#x65;&#x2e;&#x73;&#107;<\/p>\n<p><strong>Allgemeines<\/strong><\/p>\n<p>Auf dieser Informationsseite erfahren Sie, wie DeutschAkademie Ihre personenbezogenen Daten erfasst und verarbeitet. Sie erhalten au\u00dferdem Informationen dar\u00fcber, welche Rechte Sie gegen\u00fcber uns haben und wie Sie von diesen Rechten Gebrauch machen k\u00f6nnen.<\/p>\n<p>Um Ihnen unsere Dienstleistungen anbieten zu k\u00f6nnen, verarbeiten wir Ihre personenbezogenen Daten wie nachfolgend beschrieben. Die Verarbeitung Ihrer personenbezogenen Daten erfolgt unter Anwendung gr\u00f6\u00dfter Sorgfalt.<\/p>\n<p><strong>Welche Daten werden von uns verarbeitet?<\/strong><\/p>\n<ul>\n<li><strong>Kontaktinformationen:<\/strong> Name, Geburtsdatum, Titel, Rechnungs- und Lieferadresse, E-Mail-Adresse, Mobiltelefonnummer; etc.<\/li>\n<li><strong>Zahlungsinformationen:<\/strong> Rechnungsinformationen, Bankverbindung; etc.<\/li>\n<li><strong>Finanzielle Informationen.<\/strong> Angaben \u00fcber eventuelle Kreditverpflichtungen und Zahlungsanmerkungen. Bonit\u00e4tsausk\u00fcnfte<\/li>\n<li><strong>Informationen \u00fcber Kurse<\/strong>: Angaben \u00fcber Kurse, die Sie besuchen<\/li>\n<li><strong>Historische Informationen<\/strong>: Angaben \u00fcber ihre bisherigen Kursbesuche, Zahlungshistorie, Lieferhistorie.<\/li>\n<li><strong>Ausweisinformationen<\/strong><\/li>\n<li><strong>Bef\u00e4higungsnachweise<\/strong><\/li>\n<li><strong>Fotos<\/strong><\/li>\n<\/ul>\n<p><strong>Zu welchem Zweck werden diese Daten verarbeitet und aufgrund welcher Rechtsgrundlage?<\/strong><\/p>\n<p>Die von Ihnen verarbeiteten personenbezogenen Daten sind grunds\u00e4tzlich zum Abschluss eines Vertrages mit uns erforderlich. Die DeutschAkademie verarbeitet Ihre Daten zu folgenden Zwecken und auf Grund folgender Rechtsgrundlagen:<\/p>\n<table style=\"height: 707px;\" width=\"847\">\n<tbody>\n<tr>\n<td width=\"294\">Zweck<\/td>\n<td width=\"294\">Rechtsgrundlage<\/td>\n<\/tr>\n<tr>\n<td width=\"294\">Zur Best\u00e4tigung Ihrer Identit\u00e4t und zur \u00c3\u0153berpr\u00fcfung von personenbezogenen Daten und Kontaktinformationen<\/td>\n<td width=\"294\">Zur Erf\u00fcllung unserer vertraglichen Pflichten<\/td>\n<\/tr>\n<tr>\n<td width=\"294\">Erf\u00fcllung unserer vertraglichen Verpflichtungen und um die Informationen und Dienstleistungen zur Verf\u00fcgung stellen zu k\u00f6nnen, die Sie von uns erwarten<\/td>\n<td width=\"294\">Zur Erf\u00fcllung unserer vertraglichen Pflichten<\/td>\n<\/tr>\n<tr>\n<td width=\"294\">Zur Kundenanalyse, zur Administration unserer Dienstleistungen und f\u00fcr interne Prozesse, einschlie\u00dflich Datenanalysen, Entwicklung und statistische Zwecke<\/td>\n<td width=\"294\">Zur Erf\u00fcllung unserer vertraglichen Pflichten und aufgrund berechtigter Interessen.<\/td>\n<\/tr>\n<tr>\n<td width=\"294\">Zur Verbesserung unserer Dienstleistungen sowie zu Zwecken der allgemeinen Gesch\u00e4ftsentwicklung inklusive Marketing<\/td>\n<td width=\"294\">Aufgrund berechtigter Interessen und aufgrund Ihrer Einwilligung<\/td>\n<\/tr>\n<tr>\n<td width=\"294\">Zur Einhaltung gesetzlicher Verpflichtungen, resultierend aus beispielsweise der Bundes-abgabenordnung.<\/td>\n<td width=\"294\">Zur Einhaltung geltender rechtlicher Bestimmungen<\/td>\n<\/tr>\n<tr>\n<td width=\"294\">Zur Beurteilung, welche Dienstleistungen und Produkte wir Ihnen anbieten k\u00f6nnen, beispielsweise durch die Durchf\u00fchrung von internen und externen Kreditbeurteilungen.<\/td>\n<td width=\"294\">Aufgrund berechtigter Interessen<\/td>\n<\/tr>\n<tr>\n<td width=\"294\">Zum Schutz unseres Eigentums<\/td>\n<td width=\"294\">Aufgrund berechtigter Interessen<\/td>\n<\/tr>\n<\/tbody>\n<\/table>\n<p>&nbsp;<\/p>\n<p><strong>An welche Empf\u00e4ngerkategorien geben wir ihre Daten weiter?<\/strong><\/p>\n<p>Die betroffene Person ist \u00fcber die aktuellen und potentiellen Empf\u00e4nger der personenbezogenen Daten zu informieren. Im Rahmen unseres Unternehmens k\u00f6nnten wir Ihre Daten an folgende Dritte weitergeben:<\/p>\n<ul>\n<li>Banken (Zahlungsverkehr)<\/li>\n<li>Gerichte, Rechtsanw\u00e4lte, Verwaltungsbeh\u00f6rden, sonstige Beh\u00f6rden,<\/li>\n<li>Steuer und Wirtschaftsberater<\/li>\n<li>Postdienstleister und Spediteure (Versand von Mitteilungen)<\/li>\n<li>IT Unternehmen (Betreibung unserer Webseite, Bewerbungsplattform usw.)<\/li>\n<\/ul>\n<p><strong>\u00c3\u0153bermittlung an Empf\u00e4nger in Drittl\u00e4ndern:<\/strong><\/p>\n<p>Die Daten aus der Verarbeitungst\u00e4tigkeit werden \u00fcblicherweise nicht an Empf\u00e4nger in Drittl\u00e4ndern \u00fcbermittelt. Eine \u00c3\u0153bermittlung an Empf\u00e4nger in Drittl\u00e4ndern erfolgt nur dann, wenn Kunden oder Lieferanten ihren Sitz\/Aufenthalt in einem Drittland haben.<\/p>\n<p>Dann erfolgt dies im Rahmen einer vertraglichen Regelung mit dem Empf\u00e4nger und nur im notwendigen Umfang.<\/p>\n<p><strong>Wo speichern wir Ihre personenbezogenen Daten?<\/strong><\/p>\n<p>Wir streben an, Ihre Daten innerhalb der EU\/ des europ\u00e4ischen Wirtschaftsraums zu verarbeiten. Es kann vorkommen, dass Ihre Daten unter bestimmten Umst\u00e4nden von einem Leistungserbringer oder einem Subunternehmen in L\u00e4nder au\u00dferhalb der EU\/ des europ\u00e4ischen Wirtschaftsraums \u00fcbertragen und dort gespeichert werden. DeutschAkademie wird angemessene vertragliche, technische und organisatorische Ma\u00dfnahmen treffen, um sicherzustellen, dass Ihre Daten sicher behandelt werden und dass ein entsprechendes Schutzniveau, welches den Anforderungen des Datenschutzes innerhalb der EU\/des europ\u00e4ischen Wirtschaftsraums entspricht, gew\u00e4hrleistet ist.<\/p>\n<p><strong>Wie lange speichern wir Ihre personenbezogenen Daten?<\/strong><\/p>\n<p>Wir speichern Ihre Daten so lange, wie wir diese zur Erf\u00fcllung des mit Ihnen geschlossenen Vertrags ben\u00f6tigen, bis zum Widerruf ihrer Einwilligung oder wir aufgrund von gesetzlichen Aufbewahrungspflichten dazu verpflichtet sind. Grunds\u00e4tzlich behalten wir Ihre Daten bis zum Ablauf von sieben Jahren ab Datierung des letzten Beleges (B\u00fccherliche Aufbewahrungspflicht gem\u00e4\u00df \u00c2\u00a7 132 BAO).<\/p>\n<p><strong>Welche Rechte haben Sie als Betroffener?<\/strong><\/p>\n<p><strong>Recht auf Auskunft \u00fcber Ihre bei uns gespeicherten Daten.<\/strong><\/p>\n<p>Sie sind berechtigt, einen Auszug \u00fcber die bei uns gespeicherten Daten \u00fcber Sie zu verlangen, falls Sie \u00fcberpr\u00fcfen m\u00f6chten, welche Informationen wir \u00fcber Sie speichern. Die Beantragung des Auszugs ist kostenfrei.<\/p>\n<p><strong>Recht auf Berichtigung.<\/strong><\/p>\n<p>Sie haben das Recht, unrichtige oder unvollst\u00e4ndige Daten, die wir \u00fcber Sie gespeichert hat, zu berichtigen.<\/p>\n<p><strong>Recht auf L\u00f6schung (&#8222;Recht auf Vergessenwerden&#8220;).<\/strong><\/p>\n<p>Sie haben das Recht, die L\u00f6schung Ihrer personenbezogenen Daten zu beantragen, sofern diese f\u00fcr den Zweck, f\u00fcr den sie erhoben wurden, nicht l\u00e4nger notwendig sind oder Sie ihre Einwilligung zur Verarbeitung widerrufen m\u00f6chten. Weiters haben Sie auch das Recht auf L\u00f6schung im Falle einer unrechtm\u00e4\u00dfigen Verarbeitung Ihrer Daten. Wir m\u00f6chten jedoch darauf hinweisen, dass die DeutschAkademie besonderen gesetzlichen Verpflichtungen unterliegt, die uns nicht erlauben, bestimmte Informationen direkt zu l\u00f6schen. Diese Verpflichtungen resultieren aus Buchhaltungs- und Steuergesetzen, sowie dem Verbraucherrecht. Wir k\u00f6nnen Ihre personenbezogenen Daten jedoch blockieren und damit die Verarbeitung f\u00fcr andere als die gesetzlich vorgeschriebenen Zwecke verhindern.<\/p>\n<p><strong>Recht auf Einschr\u00e4nkung der Verarbeitung.<\/strong><\/p>\n<p>Sie haben das Recht, die Einschr\u00e4nkung der Verarbeitung zu verlangen, wenn Sie der Meinung sind, dass die von uns verarbeiteten Daten nicht richtig sind oder wenn Sie die Daten zur Geltendmachung, Aus\u00fcbung oder Verteidigung eines Rechtsanspruches brauchen.<\/p>\n<p><strong>Recht auf Daten\u00fcbertragbarkeit<\/strong><\/p>\n<p>Sie haben das Recht, die Sie betreffenden personenbezogenen Daten, die Sie uns bereitgestellt haben, in einem strukturierten, g\u00e4ngigen und maschinenlesbaren Format zu erhalten oder diese Daten einem anderen Verantwortlichen, ohne unsere Behinderung, zu \u00fcbermitteln.<\/p>\n<p><strong>Recht auf Widerspruch<\/strong><\/p>\n<p>Sie haben das Recht auf Widerspruch gegen die Verarbeitung der Daten, wenn diese aufgrund eines berechtigten Interesses, eines \u00f6ffentlichen Interesses, oder der Aus\u00fcbung \u00f6ffentlicher Gewalt erfolgt.<\/p>\n<p><strong>Recht auf Beschwerde bei der Datenschutzbeh\u00f6rde<\/strong><\/p>\n<p>Wenn Sie glauben, dass die Verarbeitung Ihrer Daten gegen das Datenschutzrecht verst\u00f6\u00dft oder Ihre datenschutzrechtlichen Anspr\u00fcche sonst in einer Weise verletzt worden sind, k\u00f6nnen Sie sich bei der Aufsichtsbeh\u00f6rde beschweren. In \u00c3\u2013sterreich ist die Datenschutzbeh\u00f6rde zust\u00e4ndig.<\/p>\n<p><strong>Wenn Sie eines dieser Rechte gegen\u00fcber uns geltend machen wollen, wenden Sie sich bitte an:<\/strong> da&#116;&#101;&#x6e;&#x73;&#x63;&#x68;ut&#122;&#64;&#x64;&#x65;&#x75;&#x74;sc&#104;&#97;&#107;&#x61;&#x64;&#x65;&#x6d;ie&#46;&#99;&#x6f;&#x6d;<\/p>\n<p>&nbsp;<\/p>\n<p style=\"text-align: center;\">Recommend this page (you have to allow popup-window)<\/p>\n","protected":false},"excerpt":{"rendered":"<p>Informationsauskunft der Management and Language Training s.r.o. gem\u00e4\u00df Art 13 und Art 14 DSGVO &nbsp; Verantwortlicher: DeutschAkademie, Sprachschule f\u00fcr Deutschkurse in Bratislava Management and Language Training s.r.o. Pansk\u00c3\u00a1 17, 811 01 Bratislava Slowakei Tel: +421 \u00e2\u20ac\u201c 238 101 416 E: &#105;&#x6e;&#x66;&#111;&#x40;&#x64;&#101;&#x75;&#x74;&#115;&#x63;&#x68;&#97;&#x6b;&#x61;&#100;&#x65;&#x6d;&#105;&#x65;&#x2e;&#115;&#x6b; Allgemeines Auf dieser Informationsseite erfahren Sie, wie DeutschAkademie Ihre personenbezogenen Daten erfasst und verarbeitet. [&hellip;]<\/p>\n","protected":false},"author":1,"featured_media":0,"parent":0,"menu_order":999,"comment_status":"closed","ping_status":"closed","template":"","meta":{"footnotes":""},"yoast_head":"<!-- This site is optimized with the Yoast SEO plugin v22.4 - https:\/\/yoast.com\/wordpress\/plugins\/seo\/ -->\n<title>informationsauskunft - AkademiaSlovenciny<\/title>\n<meta name=\"robots\" content=\"index, follow, max-snippet:-1, max-image-preview:large, max-video-preview:-1\" \/>\n<link rel=\"canonical\" href=\"https:\/\/www.akademiaslovenciny.sk\/de\/informationsauskunft\" \/>\n<meta property=\"og:locale\" content=\"de_DE\" \/>\n<meta property=\"og:type\" content=\"article\" \/>\n<meta property=\"og:title\" content=\"informationsauskunft - AkademiaSlovenciny\" \/>\n<meta property=\"og:description\" content=\"Informationsauskunft der Management and Language Training s.r.o. gem\u00e4\u00df Art 13 und Art 14 DSGVO &nbsp; Verantwortlicher: DeutschAkademie, Sprachschule f\u00fcr Deutschkurse in Bratislava Management and Language Training s.r.o. Pansk\u00c3\u00a1 17, 811 01 Bratislava Slowakei Tel: +421 \u00e2\u20ac\u201c 238 101 416 E: &#x69;&#110;f&#x6f;&#x40;&#100;e&#x75;&#116;s&#x63;&#x68;&#097;k&#x61;&#100;e&#x6d;&#x69;&#101;&#046;&#x73;&#x6b; Allgemeines Auf dieser Informationsseite erfahren Sie, wie DeutschAkademie Ihre personenbezogenen Daten erfasst und verarbeitet. [&hellip;]\" \/>\n<meta property=\"og:url\" content=\"https:\/\/www.akademiaslovenciny.sk\/de\/informationsauskunft\" \/>\n<meta property=\"og:site_name\" content=\"AkademiaSlovenciny\" \/>\n<meta property=\"article:modified_time\" content=\"2019-02-18T12:51:42+00:00\" \/>\n<meta name=\"twitter:card\" content=\"summary_large_image\" \/>\n<meta name=\"twitter:label1\" content=\"Gesch\u00e4tzte Lesezeit\" \/>\n\t<meta name=\"twitter:data1\" content=\"5\u00a0Minuten\" \/>\n<script type=\"application\/ld+json\" class=\"yoast-schema-graph\">{\"@context\":\"https:\/\/schema.org\",\"@graph\":[{\"@type\":\"WebPage\",\"@id\":\"https:\/\/www.akademiaslovenciny.sk\/de\/informationsauskunft\",\"url\":\"https:\/\/www.akademiaslovenciny.sk\/de\/informationsauskunft\",\"name\":\"informationsauskunft - AkademiaSlovenciny\",\"isPartOf\":{\"@id\":\"https:\/\/www.akademiaslovenciny.sk\/de\/#website\"},\"datePublished\":\"2018-12-16T15:02:00+00:00\",\"dateModified\":\"2019-02-18T12:51:42+00:00\",\"breadcrumb\":{\"@id\":\"https:\/\/www.akademiaslovenciny.sk\/de\/informationsauskunft#breadcrumb\"},\"inLanguage\":\"de\",\"potentialAction\":[{\"@type\":\"ReadAction\",\"target\":[\"https:\/\/www.akademiaslovenciny.sk\/de\/informationsauskunft\"]}]},{\"@type\":\"BreadcrumbList\",\"@id\":\"https:\/\/www.akademiaslovenciny.sk\/de\/informationsauskunft#breadcrumb\",\"itemListElement\":[{\"@type\":\"ListItem\",\"position\":1,\"name\":\"Startseite\",\"item\":\"https:\/\/www.akademiaslovenciny.sk\/de\"},{\"@type\":\"ListItem\",\"position\":2,\"name\":\"informationsauskunft\"}]},{\"@type\":\"WebSite\",\"@id\":\"https:\/\/www.akademiaslovenciny.sk\/de\/#website\",\"url\":\"https:\/\/www.akademiaslovenciny.sk\/de\/\",\"name\":\"AkademiaSlovenciny\",\"description\":\"Kurz sloven\u010diny v Bratislave\",\"potentialAction\":[{\"@type\":\"SearchAction\",\"target\":{\"@type\":\"EntryPoint\",\"urlTemplate\":\"https:\/\/www.akademiaslovenciny.sk\/de\/?s={search_term_string}\"},\"query-input\":\"required name=search_term_string\"}],\"inLanguage\":\"de\"}]}<\/script>\n<!-- \/ Yoast SEO plugin. -->","yoast_head_json":{"title":"informationsauskunft - AkademiaSlovenciny","robots":{"index":"index","follow":"follow","max-snippet":"max-snippet:-1","max-image-preview":"max-image-preview:large","max-video-preview":"max-video-preview:-1"},"canonical":"https:\/\/www.akademiaslovenciny.sk\/de\/informationsauskunft","og_locale":"de_DE","og_type":"article","og_title":"informationsauskunft - AkademiaSlovenciny","og_description":"Informationsauskunft der Management and Language Training s.r.o. gem\u00e4\u00df Art 13 und Art 14 DSGVO &nbsp; Verantwortlicher: DeutschAkademie, Sprachschule f\u00fcr Deutschkurse in Bratislava Management and Language Training s.r.o. Pansk\u00c3\u00a1 17, 811 01 Bratislava Slowakei Tel: +421 \u00e2\u20ac\u201c 238 101 416 E: &#x69;&#110;f&#x6f;&#x40;&#100;e&#x75;&#116;s&#x63;&#x68;&#97;k&#x61;&#100;e&#x6d;&#x69;&#101;&#46;&#x73;&#x6b; Allgemeines Auf dieser Informationsseite erfahren Sie, wie DeutschAkademie Ihre personenbezogenen Daten erfasst und verarbeitet. [&hellip;]","og_url":"https:\/\/www.akademiaslovenciny.sk\/de\/informationsauskunft","og_site_name":"AkademiaSlovenciny","article_modified_time":"2019-02-18T12:51:42+00:00","twitter_card":"summary_large_image","twitter_misc":{"Gesch\u00e4tzte Lesezeit":"5\u00a0Minuten"},"schema":{"@context":"https:\/\/schema.org","@graph":[{"@type":"WebPage","@id":"https:\/\/www.akademiaslovenciny.sk\/de\/informationsauskunft","url":"https:\/\/www.akademiaslovenciny.sk\/de\/informationsauskunft","name":"informationsauskunft - AkademiaSlovenciny","isPartOf":{"@id":"https:\/\/www.akademiaslovenciny.sk\/de\/#website"},"datePublished":"2018-12-16T15:02:00+00:00","dateModified":"2019-02-18T12:51:42+00:00","breadcrumb":{"@id":"https:\/\/www.akademiaslovenciny.sk\/de\/informationsauskunft#breadcrumb"},"inLanguage":"de","potentialAction":[{"@type":"ReadAction","target":["https:\/\/www.akademiaslovenciny.sk\/de\/informationsauskunft"]}]},{"@type":"BreadcrumbList","@id":"https:\/\/www.akademiaslovenciny.sk\/de\/informationsauskunft#breadcrumb","itemListElement":[{"@type":"ListItem","position":1,"name":"Startseite","item":"https:\/\/www.akademiaslovenciny.sk\/de"},{"@type":"ListItem","position":2,"name":"informationsauskunft"}]},{"@type":"WebSite","@id":"https:\/\/www.akademiaslovenciny.sk\/de\/#website","url":"https:\/\/www.akademiaslovenciny.sk\/de\/","name":"AkademiaSlovenciny","description":"Kurz sloven\u010diny v Bratislave","potentialAction":[{"@type":"SearchAction","target":{"@type":"EntryPoint","urlTemplate":"https:\/\/www.akademiaslovenciny.sk\/de\/?s={search_term_string}"},"query-input":"required name=search_term_string"}],"inLanguage":"de"}]}},"_links":{"self":[{"href":"https:\/\/www.akademiaslovenciny.sk\/de\/wp-json\/wp\/v2\/pages\/321"}],"collection":[{"href":"https:\/\/www.akademiaslovenciny.sk\/de\/wp-json\/wp\/v2\/pages"}],"about":[{"href":"https:\/\/www.akademiaslovenciny.sk\/de\/wp-json\/wp\/v2\/types\/page"}],"author":[{"embeddable":true,"href":"https:\/\/www.akademiaslovenciny.sk\/de\/wp-json\/wp\/v2\/users\/1"}],"replies":[{"embeddable":true,"href":"https:\/\/www.akademiaslovenciny.sk\/de\/wp-json\/wp\/v2\/comments?post=321"}],"version-history":[{"count":1,"href":"https:\/\/www.akademiaslovenciny.sk\/de\/wp-json\/wp\/v2\/pages\/321\/revisions"}],"predecessor-version":[{"id":322,"href":"https:\/\/www.akademiaslovenciny.sk\/de\/wp-json\/wp\/v2\/pages\/321\/revisions\/322"}],"wp:attachment":[{"href":"https:\/\/www.akademiaslovenciny.sk\/de\/wp-json\/wp\/v2\/media?parent=321"}],"curies":[{"name":"wp","href":"https:\/\/api.w.org\/{rel}","templated":true}]}}